{"id":31,"date":"2012-06-16T13:39:04","date_gmt":"2012-06-16T13:39:04","guid":{"rendered":"http:\/\/www.ja50.fr\/ja\/?page_id=31"},"modified":"2026-04-27T13:52:30","modified_gmt":"2026-04-27T13:52:30","slug":"festival-de-la-terre-et-de-la-ruralite","status":"publish","type":"page","link":"http:\/\/www.ja50.fr\/ja\/communication\/festival-de-la-terre-et-de-la-ruralite\/","title":{"rendered":"Festival de la Terre et de la Ruralit\u00e9"},"content":{"rendered":"<div>\n<h2 style=\"text-align: center;\"><span style=\"color: #ff0000;\"><strong>EDITION 2026<\/strong><\/span><\/h2>\n<p style=\"text-align: center;\">Cette ann\u00e9e, c&rsquo;est \u00e0 Sartilly<strong>&nbsp;<\/strong>qu&rsquo;aura lieu le fameux festival.<\/p>\n<p style=\"text-align: center;\"><strong>RDV le dimanche 6 septembre !<\/strong><\/p>\n<h4 style=\"text-align: center;\"><strong style=\"color: #993300; font-size: 1em;\">Le Festival de la Terre et de la Ruralit\u00e9 c&rsquo;est quoi ?<\/strong><\/h4>\n<p>&nbsp;<\/p>\n<div>\n<p style=\"text-align: center;\"><span style=\"color: #ffffff;\">.<\/span>&nbsp;&nbsp;<span style=\"font-weight: 300;\"> &nbsp;&nbsp;&nbsp;&nbsp; &nbsp; \u21d2 Le Festival de la Terre et de la Ruralit\u00e9 a lieu chaque&nbsp;<\/span><span style=\"font-weight: 300;\">ann\u00e9e, depuis pr\u00e8s <\/span><span style=\"font-weight: 300;\">de 70<\/span><span style=\"font-weight: 300;\">&nbsp;ans, sur le d\u00e9partement de la Manche. D&rsquo;une ann\u00e9e sur l&rsquo;autre le lieu change. Ainsi sur 3&nbsp;ans il a lieu une fois dans le sud, une fois dans le centre et une fois dans le nord du d\u00e9partement.<br \/>\n<\/span><\/p>\n<p>&nbsp;<\/p>\n<\/div>\n<p style=\"text-align: center;\">\u21d2 L&rsquo;affluence des visiteurs est importante pour une seule journ\u00e9e: entre 6 000 et 8 000 personnes arpentent le site chaque ann\u00e9e.<\/p>\n<div>\n<p>&nbsp;<\/p>\n<\/div>\n<h5 style=\"text-align: center;\"><span style=\"color: #ffffff;\">.&nbsp;&nbsp;<\/span><span style=\"font-weight: 300;\"> &nbsp;&nbsp;<\/span><span style=\"font-weight: 300;\"> &nbsp; &nbsp; \u21d2 Ce festival est organis\u00e9 par l&rsquo;Association des Producteurs d&rsquo;Avenir de la Manche et la structure d\u00e9partementale des Jeunes Agriculteurs de la Manche, en collaboration avec une structure cant<\/span><span style=\"font-weight: 300;\">onale diff\u00e9rente chaque ann\u00e9e. En 2026, c\u2019est l\u2019\u00e9quipe de jeunes du canton de Sartilly qui s\u2019y colle.<\/span><\/h5>\n<div style=\"text-align: center;\">\n<h5 style=\"text-align: center;\"><span style=\"color: #ffffff;\">.&nbsp;<\/span> &nbsp;&nbsp;&nbsp;&nbsp;&nbsp; &nbsp; Le festival est une journ\u00e9e conviviale au cours de laquelle ruraux et citadins sont convi\u00e9s pour d\u00e9couvrir la richesse de l&rsquo;agriculture d\u00e9partementale manchoise \u00e0 travers diverses animations.<\/h5>\n<p>&nbsp;<\/p>\n<h4><span style=\"color: #993300;\"><strong>C&rsquo;est quand, o\u00f9 et \u00e0 quelle heure ?<\/strong><\/span><\/h4>\n<p>&nbsp;<\/p>\n<p>\u2666 Le <strong>dimanche 6 septembre 2026 \u2666<\/strong><\/p>\n<p>\u2666 Sur commune de <strong>SARTILLY \u2666<\/strong><\/p>\n<p><strong>\u2666 10h00 &#8211; 18h00<\/strong><strong> \u2666<\/strong><\/p>\n<p>Point GPS Maps Festival de la Terre et de la Ruralit\u00e9 2026 :<br \/>\n<em>A venir<\/em><\/p>\n<\/div>\n<div style=\"text-align: center;\">\n<h4 style=\"text-align: center;\"><span style=\"color: #993300;\"><strong>Combien \u00e7a co\u00fbte ?<\/strong><\/span><\/h4>\n<p style=\"text-align: center;\"><strong>Entr\u00e9e gratuite pour les 1500 premiers visiteurs &#8211; Billetterie uniquement&nbsp; sur place !<\/strong><\/p>\n<p style=\"text-align: center;\">Le tarif est de 3 \u20ac pour les enfants (2 ans &#8211; 12 ans) et 6 \u20ac pour les adultes.<br \/>\nLe parking est gratuit toute la journ\u00e9e.<\/p>\n<h4>&nbsp;<\/h4>\n<h4 style=\"text-align: center;\"><span style=\"color: #993300;\"><strong>Que peut-on y faire ?<\/strong><\/span><\/h4>\n<h5 style=\"text-align: center;\"><span style=\"color: #ffffff;\">.&nbsp;<\/span> On peut y passer une journ\u00e9e agr\u00e9able en famille ou entre amis. Il y en a pour tous les go\u00fbts, petits et grands.<\/h5>\n<p>&nbsp;<\/p>\n<ul style=\"list-style-type: square;\">\n<li style=\"text-align: left;\"><strong>L&rsquo;animation phare de l&rsquo;ann\u00e9e: <\/strong><em>bient\u00f4t plus d&rsquo;infos !<\/em><\/li>\n<li style=\"text-align: left;\">Et bien s\u00fbr toutes les animations habituelles :<\/li>\n<li style=\"text-align: left;\">Messe en plein air&nbsp;<\/li>\n<li style=\"text-align: left;\">Bapt\u00eame d&rsquo;h\u00e9licopt\u00e8re<br \/>\n<img loading=\"lazy\" class=\"alignright\" src=\"http:\/\/www.ja50.fr\/ja\/wp-content\/uploads\/2012\/06\/4L-cross-212-1024x682.jpg\" alt=\"4L cross (21)2\" width=\"350\" height=\"233\"><\/li>\n<li style=\"text-align: left;\">\u00c9preuves d\u00e9partementale du concours national de labour<\/li>\n<li style=\"text-align: left;\">D\u00e9monstration de 4L cross<\/li>\n<li style=\"text-align: left;\">Tracteur force<\/li>\n<li style=\"text-align: left;\">Exposition de bovins<\/li>\n<li style=\"text-align: left;\">Mini-ferme<\/li>\n<li style=\"text-align: left;\">Bapt\u00eame \u00e0 poney<\/li>\n<li style=\"text-align: left;\">Aire de jeux avec structures gonflables<\/li>\n<li style=\"text-align: left;\">Exposition de mat\u00e9riels agricoles neufs et anciens<\/li>\n<li style=\"text-align: left;\">Pr\u00e9sentation d&rsquo;une vitrine d&rsquo;essais de ma\u00efs et d&rsquo;essais fourragers<\/li>\n<li style=\"text-align: left;\">Chien de troupeau<\/li>\n<li style=\"text-align: left;\">Parcours sensation pieds nus<\/li>\n<li style=\"text-align: left;\">Labyrinthe de ma\u00efs<\/li>\n<li style=\"text-align: left;\">Et de nombreuses autres animations !<\/li>\n<\/ul>\n<p><strong style=\"font-size: inherit;\">Restauration sur place : sandwicherie &#8211; frites &#8211; cr\u00eapes &#8211; boissons<\/strong><\/p>\n<\/div>\n<p style=\"text-align: center;\">&nbsp;<span style=\"color: #000000;\"><strong> Renseignements au 02.33.06.48.22 ou sur Instagram : <a href=\"http:\/\/www.instagram.com\/festival_terre_et_ruralite_50\/\" target=\"_blank\" rel=\"noopener\">festival terre et ruralit\u00e9 50<\/a><\/strong><\/span><\/p>\n<hr>\n<h1 style=\"text-align: center;\"><strong>Les \u00e9ditions pr\u00e9c\u00e9dentes<\/strong><\/h1>\n<\/div>\n<h1><img loading=\"lazy\" class=\"aligncenter size-medium wp-image-1486\" src=\"http:\/\/www.ja50.fr\/ja\/wp-content\/uploads\/2025\/07\/Affiche-ok-JPG-212x300.jpg\" alt=\"\" width=\"212\" height=\"300\" srcset=\"http:\/\/www.ja50.fr\/ja\/wp-content\/uploads\/2025\/07\/Affiche-ok-JPG-212x300.jpg 212w, http:\/\/www.ja50.fr\/ja\/wp-content\/uploads\/2025\/07\/Affiche-ok-JPG-724x1024.jpg 724w, http:\/\/www.ja50.fr\/ja\/wp-content\/uploads\/2025\/07\/Affiche-ok-JPG-768x1086.jpg 768w, http:\/\/www.ja50.fr\/ja\/wp-content\/uploads\/2025\/07\/Affiche-ok-JPG-1086x1536.jpg 1086w, http:\/\/www.ja50.fr\/ja\/wp-content\/uploads\/2025\/07\/Affiche-ok-JPG-1448x2048.jpg 1448w, http:\/\/www.ja50.fr\/ja\/wp-content\/uploads\/2025\/07\/Affiche-ok-JPG.jpg 1587w\" sizes=\"(max-width: 212px) 100vw, 212px\" \/><\/h1>\n<h1><img loading=\"lazy\" class=\"aligncenter size-medium wp-image-1378\" src=\"http:\/\/www.ja50.fr\/ja\/wp-content\/uploads\/2023\/07\/AfficheFESTIVAL2023-212x300.png\" alt=\"\" width=\"212\" height=\"300\" srcset=\"http:\/\/www.ja50.fr\/ja\/wp-content\/uploads\/2023\/07\/AfficheFESTIVAL2023-212x300.png 212w, http:\/\/www.ja50.fr\/ja\/wp-content\/uploads\/2023\/07\/AfficheFESTIVAL2023-724x1024.png 724w, http:\/\/www.ja50.fr\/ja\/wp-content\/uploads\/2023\/07\/AfficheFESTIVAL2023-768x1086.png 768w, http:\/\/www.ja50.fr\/ja\/wp-content\/uploads\/2023\/07\/AfficheFESTIVAL2023-1086x1536.png 1086w, http:\/\/www.ja50.fr\/ja\/wp-content\/uploads\/2023\/07\/AfficheFESTIVAL2023-1448x2048.png 1448w, http:\/\/www.ja50.fr\/ja\/wp-content\/uploads\/2023\/07\/AfficheFESTIVAL2023.png 1587w\" sizes=\"(max-width: 212px) 100vw, 212px\" \/><\/h1>\n<h1><strong><img loading=\"lazy\" class=\"aligncenter wp-image-1341 size-medium\" src=\"http:\/\/www.ja50.fr\/ja\/wp-content\/uploads\/2022\/07\/okAPA50-AFFICHE-2022-FESTIVAL2-1-213x300.png\" alt=\"\" width=\"213\" height=\"300\" srcset=\"http:\/\/www.ja50.fr\/ja\/wp-content\/uploads\/2022\/07\/okAPA50-AFFICHE-2022-FESTIVAL2-1-213x300.png 213w, http:\/\/www.ja50.fr\/ja\/wp-content\/uploads\/2022\/07\/okAPA50-AFFICHE-2022-FESTIVAL2-1-726x1024.png 726w, http:\/\/www.ja50.fr\/ja\/wp-content\/uploads\/2022\/07\/okAPA50-AFFICHE-2022-FESTIVAL2-1-768x1083.png 768w, http:\/\/www.ja50.fr\/ja\/wp-content\/uploads\/2022\/07\/okAPA50-AFFICHE-2022-FESTIVAL2-1-1089x1536.png 1089w, http:\/\/www.ja50.fr\/ja\/wp-content\/uploads\/2022\/07\/okAPA50-AFFICHE-2022-FESTIVAL2-1-1452x2048.png 1452w\" sizes=\"(max-width: 213px) 100vw, 213px\" \/><img loading=\"lazy\" class=\"wp-image-1254 size-medium aligncenter\" src=\"http:\/\/www.ja50.fr\/ja\/wp-content\/uploads\/2021\/07\/Affiche-FTR-2021-211x300.jpg\" alt=\"\" width=\"211\" height=\"300\" srcset=\"http:\/\/www.ja50.fr\/ja\/wp-content\/uploads\/2021\/07\/Affiche-FTR-2021-211x300.jpg 211w, http:\/\/www.ja50.fr\/ja\/wp-content\/uploads\/2021\/07\/Affiche-FTR-2021-722x1024.jpg 722w, http:\/\/www.ja50.fr\/ja\/wp-content\/uploads\/2021\/07\/Affiche-FTR-2021-768x1089.jpg 768w, http:\/\/www.ja50.fr\/ja\/wp-content\/uploads\/2021\/07\/Affiche-FTR-2021-1083x1536.jpg 1083w, http:\/\/www.ja50.fr\/ja\/wp-content\/uploads\/2021\/07\/Affiche-FTR-2021-1444x2048.jpg 1444w, http:\/\/www.ja50.fr\/ja\/wp-content\/uploads\/2021\/07\/Affiche-FTR-2021.jpg 1749w\" sizes=\"(max-width: 211px) 100vw, 211px\" \/><\/strong><\/h1>\n<h1><strong><img loading=\"lazy\" class=\"size-medium wp-image-1185 aligncenter\" src=\"http:\/\/www.ja50.fr\/ja\/wp-content\/uploads\/2020\/07\/AFFICHE-FDL-2020-PNG-212x300.png\" alt=\"\" width=\"212\" height=\"300\" srcset=\"http:\/\/www.ja50.fr\/ja\/wp-content\/uploads\/2020\/07\/AFFICHE-FDL-2020-PNG-212x300.png 212w, http:\/\/www.ja50.fr\/ja\/wp-content\/uploads\/2020\/07\/AFFICHE-FDL-2020-PNG-724x1024.png 724w, http:\/\/www.ja50.fr\/ja\/wp-content\/uploads\/2020\/07\/AFFICHE-FDL-2020-PNG-768x1086.png 768w, http:\/\/www.ja50.fr\/ja\/wp-content\/uploads\/2020\/07\/AFFICHE-FDL-2020-PNG-1086x1536.png 1086w, http:\/\/www.ja50.fr\/ja\/wp-content\/uploads\/2020\/07\/AFFICHE-FDL-2020-PNG.png 1240w\" sizes=\"(max-width: 212px) 100vw, 212px\" \/><img loading=\"lazy\" class=\"wp-image-1115 size-medium aligncenter\" style=\"color: #333333; font-style: normal; font-weight: 300; margin-top: 0.4em;\" src=\"http:\/\/www.ja50.fr\/ja\/wp-content\/uploads\/2019\/07\/affiche-ja-30x40-INTERNET-225x300.png\" alt=\"\" width=\"225\" height=\"300\" srcset=\"http:\/\/www.ja50.fr\/ja\/wp-content\/uploads\/2019\/07\/affiche-ja-30x40-INTERNET-225x300.png 225w, http:\/\/www.ja50.fr\/ja\/wp-content\/uploads\/2019\/07\/affiche-ja-30x40-INTERNET-768x1022.png 768w, http:\/\/www.ja50.fr\/ja\/wp-content\/uploads\/2019\/07\/affiche-ja-30x40-INTERNET-769x1024.png 769w, http:\/\/www.ja50.fr\/ja\/wp-content\/uploads\/2019\/07\/affiche-ja-30x40-INTERNET.png 1000w\" sizes=\"(max-width: 225px) 100vw, 225px\" \/><\/strong><\/h1>\n<p style=\"text-align: center;\"><strong>&nbsp;<span style=\"color: #000000; text-align: center;\">&#8212;&#8212;&#8212;&#8211;<\/span><\/strong><\/p>\n<p style=\"text-align: center;\"><strong><span style=\"color: #000000;\">Retours en vid\u00e9o<\/span><\/strong><\/p>\n<div>\n<p>&nbsp; &nbsp; &nbsp; <iframe loading=\"lazy\" src=\"http:\/\/www.youtube.com\/embed\/Uiia5foQ4x8\" width=\"425\" height=\"350\" frameborder=\"0\"><\/iframe><\/p>\n<p>&nbsp;<\/p>\n<\/div>\n","protected":false},"excerpt":{"rendered":"<p>EDITION 2026 Cette ann\u00e9e, c&rsquo;est \u00e0 Sartilly&nbsp;qu&rsquo;aura lieu le fameux festival. RDV le dimanche 6 septembre ! Le Festival de la Terre et de la Ruralit\u00e9 c&rsquo;est quoi ? &nbsp; .&nbsp;&nbsp; &nbsp;&nbsp;&nbsp;&nbsp; &nbsp; \u21d2 Le Festival de la Terre et &hellip; <a href=\"http:\/\/www.ja50.fr\/ja\/communication\/festival-de-la-terre-et-de-la-ruralite\/\">Lire la suite <span class=\"meta-nav\">&rarr;<\/span><\/a><\/p>\n","protected":false},"author":1,"featured_media":0,"parent":29,"menu_order":0,"comment_status":"open","ping_status":"open","template":"","meta":{"ngg_post_thumbnail":0,"_monsterinsights_skip_tracking":false,"_monsterinsights_sitenote_active":false,"_monsterinsights_sitenote_note":"","_monsterinsights_sitenote_category":0},"_links":{"self":[{"href":"http:\/\/www.ja50.fr\/ja\/wp-json\/wp\/v2\/pages\/31"}],"collection":[{"href":"http:\/\/www.ja50.fr\/ja\/wp-json\/wp\/v2\/pages"}],"about":[{"href":"http:\/\/www.ja50.fr\/ja\/wp-json\/wp\/v2\/types\/page"}],"author":[{"embeddable":true,"href":"http:\/\/www.ja50.fr\/ja\/wp-json\/wp\/v2\/users\/1"}],"replies":[{"embeddable":true,"href":"http:\/\/www.ja50.fr\/ja\/wp-json\/wp\/v2\/comments?post=31"}],"version-history":[{"count":124,"href":"http:\/\/www.ja50.fr\/ja\/wp-json\/wp\/v2\/pages\/31\/revisions"}],"predecessor-version":[{"id":1521,"href":"http:\/\/www.ja50.fr\/ja\/wp-json\/wp\/v2\/pages\/31\/revisions\/1521"}],"up":[{"embeddable":true,"href":"http:\/\/www.ja50.fr\/ja\/wp-json\/wp\/v2\/pages\/29"}],"wp:attachment":[{"href":"http:\/\/www.ja50.fr\/ja\/wp-json\/wp\/v2\/media?parent=31"}],"curies":[{"name":"wp","href":"https:\/\/api.w.org\/{rel}","templated":true}]}}